{"version":"1.0","provider_name":"Dokuz Eyl\u00fcl \u00dcniversitesi","provider_url":"https:\/\/www.deu.edu.tr\/engelsiz","author_name":"Bas\u0131n","author_url":"https:\/\/www.deu.edu.tr\/engelsiz\/profile\/deu-basin\/","title":"\"Afetlerde \u0130nsani Yard\u0131mlar\" ba\u015fl\u0131kl\u0131 Konferans","type":"rich","width":600,"height":338,"html":"<blockquote class=\"wp-embedded-content\"><a href=\"https:\/\/www.deu.edu.tr\/engelsiz\/etkinlik\/afetlerde-insani-yardimlar-baslikli-konferans\/\">&#8220;Afetlerde \u0130nsani Yard\u0131mlar&#8221; ba\u015fl\u0131kl\u0131 Konferans<\/a><\/blockquote>\n<script type='text\/javascript'>\n <![CDATA[\/\/> <!]]>\n<\/script><iframe sandbox=\"allow-scripts\" security=\"restricted\" src=\"https:\/\/www.deu.edu.tr\/engelsiz\/etkinlik\/afetlerde-insani-yardimlar-baslikli-konferans\/embed\/\" width=\"600\" height=\"338\" title=\"&#8220;&#8220;Afetlerde \u0130nsani Yard\u0131mlar&#8221; ba\u015fl\u0131kl\u0131 Konferans&#8221; &#8212; Dokuz Eyl\u00fcl \u00dcniversitesi\" frameborder=\"0\" marginwidth=\"0\" marginheight=\"0\" scrolling=\"no\" class=\"wp-embedded-content\"><\/iframe>"}