{"version":"1.0","provider_name":"Dokuz Eyl\u00fcl \u00dcniversitesi","provider_url":"https:\/\/www.deu.edu.tr\/engelsiz","author_name":"Bas\u0131n","author_url":"https:\/\/www.deu.edu.tr\/engelsiz\/profile\/deu-basin\/","title":"EKVAM Seminer \u2013 Orta\u00e7a\u011f Arkeolojisinde Son Geli\u015fmeler","type":"rich","width":600,"height":338,"html":"<blockquote class=\"wp-embedded-content\"><a href=\"https:\/\/www.deu.edu.tr\/engelsiz\/etkinlik\/ekvam-seminer-ortacag-arkeolojisinde-son-gelismeler\/\">EKVAM Seminer \u2013 Orta\u00e7a\u011f Arkeolojisinde Son Geli\u015fmeler<\/a><\/blockquote>\n<script type='text\/javascript'>\n <![CDATA[\/\/> <!]]>\n<\/script><iframe sandbox=\"allow-scripts\" security=\"restricted\" src=\"https:\/\/www.deu.edu.tr\/engelsiz\/etkinlik\/ekvam-seminer-ortacag-arkeolojisinde-son-gelismeler\/embed\/\" width=\"600\" height=\"338\" title=\"&#8220;EKVAM Seminer \u2013 Orta\u00e7a\u011f Arkeolojisinde Son Geli\u015fmeler&#8221; &#8212; Dokuz Eyl\u00fcl \u00dcniversitesi\" frameborder=\"0\" marginwidth=\"0\" marginheight=\"0\" scrolling=\"no\" class=\"wp-embedded-content\"><\/iframe>"}